{"id":1596,"date":"2020-09-17T18:31:25","date_gmt":"2020-09-17T18:31:25","guid":{"rendered":"https:\/\/brainvt.staging.dissenyweb.com\/?page_id=1596"},"modified":"2020-09-17T18:31:25","modified_gmt":"2020-09-17T18:31:25","slug":"politica-de-privacitat","status":"publish","type":"page","link":"https:\/\/www.brainvt.com\/ca\/politica-de-privacitat\/","title":{"rendered":"Pol\u00edtica de privacitat"},"content":{"rendered":"<div class=\"wpb-content-wrapper\">[vc_row][vc_column column_width_percent=&#8221;100&#8243; gutter_size=&#8221;3&#8243; override_padding=&#8221;yes&#8221; column_padding=&#8221;3&#8243; expand_height=&#8221;yes&#8221; overlay_alpha=&#8221;50&#8243; shift_x=&#8221;0&#8243; shift_y=&#8221;0&#8243; shift_y_down=&#8221;0&#8243; z_index=&#8221;0&#8243; medium_width=&#8221;0&#8243; mobile_width=&#8221;0&#8243;][vc_column_text]\r\n<h2 class=\"wp-block-heading\">Pol\u00edtica de privacitat<\/h2>\r\nSegons el que s&#8217;estableix en el RGPD (Reglament (UE) 2016\/679), els proporcionem la Informaci\u00f3 Detallada de Protecci\u00f3 de Dades que s&#8217;exposa a continuaci\u00f3:\r\n\r\n\r\n\r\n\r\n<h3 class=\"wp-block-heading\">Responsable:<\/h3>\r\nC.I.F.: B-66615196\r\nDirecci\u00f3: PLA\u00c7A MESTRE CLAV\u00c9, 6\r\nTel\u00e9fon: 619871407\r\nC.I.F.: B-66615196\r\nCorreu Electr\u00f2nic: info@brainvt.com\r\n\r\n<!-- \/wp:post-content --><!-- \/wp:paragraph -->\r\n<!-- wp:heading {\"level\":3} -->\r\n<h3>Finalitat:<\/h3>\r\nL&#8217;informem que les Dades de Car\u00e0cter Personal recollits, seran incorporats a un Fitxer sota la nostra responsabilitat, amb la finalitat de gestionar l&#8217;enviament de la informaci\u00f3 que ens sol\u00b7licitin i facilitar als interessats ofertes de productes i serveis del seu inter\u00e8s (aix\u00ed com realitzar la facturaci\u00f3 dels productes adquirits en la nostra P\u00e0gina Web). Les dades proporcionades es conservaran mentre es mantingui la relaci\u00f3 comercial, durant els anys necessaris per a complir amb les obligacions legals o se sol\u00b7liciti la seva supressi\u00f3 per l&#8217;interessat.\r\n<h3>Legitimaci\u00f3:<\/h3>\r\nLes Dades de Car\u00e0cter Personal obtinguts en aquesta P\u00e0gina Web, aix\u00ed com l&#8217;oferta de productes i serveis oferts, est\u00e0 basada en el consentiment que se li sol\u00b7licita a l&#8217;interessat. L&#8217;interessat tindr\u00e0 dret a retirar el seu consentiment en qualsevol moment. La retirada del consentiment no afectar\u00e0 la licitud del tractament basada en el consentiment previ a la seva retirada.\r\n\r\n<!-- wp:heading {\"level\":3} -->\r\n<h3>Destinataris:<\/h3>\r\nNo se cediran dades a tercers, excepte obligaci\u00f3 legal.\r\n\r\n<!-- \/wp:heading -->\r\n<h3>Drets:<\/h3>\r\nVost\u00e8 com a interessat directe, t\u00e9 dret a obtenir confirmaci\u00f3 sobre si en VISION BRAIN S.L. estem tractant dades personals que el concerneixen, o no. Vost\u00e8 t\u00e9 dret a accedir a les seves dades personals, aix\u00ed com a sol\u00b7licitar la rectificaci\u00f3 de les dades inexactes o, en el seu cas, sol\u00b7licitar la seva supressi\u00f3 quan, entre altres motius, les dades ja no siguin necessaris per als fins que van ser recollits. En determinades circumst\u00e0ncies, vost\u00e8 podr\u00e0 sol\u00b7licitar la limitaci\u00f3 del tractament de les seves dades, i en aquest cas \u00fanicament els conservarem per a l&#8217;exercici o la defensa de reclamacions. En determinades circumst\u00e0ncies i per motius relacionats amb la seva situaci\u00f3 particular, vost\u00e8 podr\u00e0 oposar-se al tractament de les seves dades. VISION BRAIN S.L. deixar\u00e0 de tractar les dades, excepte per motius leg\u00edtims imperiosos, o l&#8217;exercici o la defensa de possibles reclamacions. En determinades circumst\u00e0ncies, vost\u00e8 tindr\u00e0 dret a rebre les dades personals que li incumbeixin i que ens hagi facilitat, i transmetre&#8217;ls o sol\u00b7licitar que els hi proporcionem a un tercer sense objecci\u00f3 per part nostra (dret a la portabilitat de dades). En determinades circumst\u00e0ncies, l&#8217;informem que tindr\u00e0 dret a no ser objecte d&#8217;una decisi\u00f3 basada \u00fanicament en el tractament automatitzat, inclosa l&#8217;elaboraci\u00f3 de perfils, que produeixi efectes jur\u00eddics sobre vost\u00e8 o l&#8217;afecti significativament de manera similar.[\/vc_column_text][\/vc_column][\/vc_row]<\/div>","protected":false},"excerpt":{"rendered":"<p>[vc_row][vc_column column_width_percent=&#8221;100&#8243; gutter_size=&#8221;3&#8243; override_padding=&#8221;yes&#8221; column_padding=&#8221;3&#8243; expand_height=&#8221;yes&#8221; overlay_alpha=&#8221;50&#8243; shift_x=&#8221;0&#8243; shift_y=&#8221;0&#8243; shift_y_down=&#8221;0&#8243; z_index=&#8221;0&#8243; medium_width=&#8221;0&#8243; mobile_width=&#8221;0&#8243;][vc_column_text] Pol\u00edtica de privacitat Segons el que s&#8217;estableix [&hellip;]<\/p>\n","protected":false},"author":1,"featured_media":0,"parent":0,"menu_order":0,"comment_status":"closed","ping_status":"open","template":"","meta":{"footnotes":""},"class_list":["post-1596","page","type-page","status-publish","hentry"],"yoast_head":"<!-- This site is optimized with the Yoast SEO plugin v27.3 - https:\/\/yoast.com\/product\/yoast-seo-wordpress\/ -->\n<title>Pol\u00edtica de privacitat - BrainVT<\/title>\n<meta name=\"robots\" content=\"index, follow, max-snippet:-1, max-image-preview:large, max-video-preview:-1\" \/>\n<link rel=\"canonical\" href=\"https:\/\/www.brainvt.com\/ca\/politica-de-privacitat\/\" \/>\n<meta property=\"og:locale\" content=\"ca_ES\" \/>\n<meta property=\"og:type\" content=\"article\" \/>\n<meta property=\"og:title\" content=\"Pol\u00edtica de privacitat - BrainVT\" \/>\n<meta property=\"og:description\" content=\"[vc_row][vc_column column_width_percent=&#8221;100&#8243; gutter_size=&#8221;3&#8243; override_padding=&#8221;yes&#8221; column_padding=&#8221;3&#8243; expand_height=&#8221;yes&#8221; overlay_alpha=&#8221;50&#8243; shift_x=&#8221;0&#8243; shift_y=&#8221;0&#8243; shift_y_down=&#8221;0&#8243; z_index=&#8221;0&#8243; medium_width=&#8221;0&#8243; mobile_width=&#8221;0&#8243;][vc_column_text] Pol\u00edtica de privacitat Segons el que s&#8217;estableix [&hellip;]\" \/>\n<meta property=\"og:url\" content=\"https:\/\/www.brainvt.com\/ca\/politica-de-privacitat\/\" \/>\n<meta property=\"og:site_name\" content=\"BrainVT\" \/>\n<meta name=\"twitter:card\" content=\"summary_large_image\" \/>\n<meta name=\"twitter:label1\" content=\"Temps estimat de lectura\" \/>\n\t<meta name=\"twitter:data1\" content=\"2 minuts\" \/>\n<script type=\"application\/ld+json\" class=\"yoast-schema-graph\">{\"@context\":\"https:\\\/\\\/schema.org\",\"@graph\":[{\"@type\":\"WebPage\",\"@id\":\"https:\\\/\\\/www.brainvt.com\\\/ca\\\/politica-de-privacitat\\\/\",\"url\":\"https:\\\/\\\/www.brainvt.com\\\/ca\\\/politica-de-privacitat\\\/\",\"name\":\"Pol\u00edtica de privacitat - BrainVT\",\"isPartOf\":{\"@id\":\"https:\\\/\\\/www.brainvt.com\\\/ca\\\/#website\"},\"datePublished\":\"2020-09-17T18:31:25+00:00\",\"breadcrumb\":{\"@id\":\"https:\\\/\\\/www.brainvt.com\\\/ca\\\/politica-de-privacitat\\\/#breadcrumb\"},\"inLanguage\":\"ca\",\"potentialAction\":[{\"@type\":\"ReadAction\",\"target\":[\"https:\\\/\\\/www.brainvt.com\\\/ca\\\/politica-de-privacitat\\\/\"]}]},{\"@type\":\"BreadcrumbList\",\"@id\":\"https:\\\/\\\/www.brainvt.com\\\/ca\\\/politica-de-privacitat\\\/#breadcrumb\",\"itemListElement\":[{\"@type\":\"ListItem\",\"position\":1,\"name\":\"Home\",\"item\":\"https:\\\/\\\/www.brainvt.com\\\/ca\\\/\"},{\"@type\":\"ListItem\",\"position\":2,\"name\":\"Pol\u00edtica de privacitat\"}]},{\"@type\":\"WebSite\",\"@id\":\"https:\\\/\\\/www.brainvt.com\\\/ca\\\/#website\",\"url\":\"https:\\\/\\\/www.brainvt.com\\\/ca\\\/\",\"name\":\"BrainVT\",\"description\":\"Health Apps\",\"publisher\":{\"@id\":\"https:\\\/\\\/www.brainvt.com\\\/ca\\\/#organization\"},\"potentialAction\":[{\"@type\":\"SearchAction\",\"target\":{\"@type\":\"EntryPoint\",\"urlTemplate\":\"https:\\\/\\\/www.brainvt.com\\\/ca\\\/?s={search_term_string}\"},\"query-input\":{\"@type\":\"PropertyValueSpecification\",\"valueRequired\":true,\"valueName\":\"search_term_string\"}}],\"inLanguage\":\"ca\"},{\"@type\":\"Organization\",\"@id\":\"https:\\\/\\\/www.brainvt.com\\\/ca\\\/#organization\",\"name\":\"BrainVT\",\"url\":\"https:\\\/\\\/www.brainvt.com\\\/ca\\\/\",\"logo\":{\"@type\":\"ImageObject\",\"inLanguage\":\"ca\",\"@id\":\"https:\\\/\\\/www.brainvt.com\\\/ca\\\/#\\\/schema\\\/logo\\\/image\\\/\",\"url\":\"https:\\\/\\\/www.brainvt.com\\\/wp-content\\\/uploads\\\/2020\\\/08\\\/brainvt-main-logo.svg\",\"contentUrl\":\"https:\\\/\\\/www.brainvt.com\\\/wp-content\\\/uploads\\\/2020\\\/08\\\/brainvt-main-logo.svg\",\"width\":1,\"height\":1,\"caption\":\"BrainVT\"},\"image\":{\"@id\":\"https:\\\/\\\/www.brainvt.com\\\/ca\\\/#\\\/schema\\\/logo\\\/image\\\/\"}}]}<\/script>\n<!-- \/ Yoast SEO plugin. -->","yoast_head_json":{"title":"Pol\u00edtica de privacitat - BrainVT","robots":{"index":"index","follow":"follow","max-snippet":"max-snippet:-1","max-image-preview":"max-image-preview:large","max-video-preview":"max-video-preview:-1"},"canonical":"https:\/\/www.brainvt.com\/ca\/politica-de-privacitat\/","og_locale":"ca_ES","og_type":"article","og_title":"Pol\u00edtica de privacitat - BrainVT","og_description":"[vc_row][vc_column column_width_percent=&#8221;100&#8243; gutter_size=&#8221;3&#8243; override_padding=&#8221;yes&#8221; column_padding=&#8221;3&#8243; expand_height=&#8221;yes&#8221; overlay_alpha=&#8221;50&#8243; shift_x=&#8221;0&#8243; shift_y=&#8221;0&#8243; shift_y_down=&#8221;0&#8243; z_index=&#8221;0&#8243; medium_width=&#8221;0&#8243; mobile_width=&#8221;0&#8243;][vc_column_text] Pol\u00edtica de privacitat Segons el que s&#8217;estableix [&hellip;]","og_url":"https:\/\/www.brainvt.com\/ca\/politica-de-privacitat\/","og_site_name":"BrainVT","twitter_card":"summary_large_image","twitter_misc":{"Temps estimat de lectura":"2 minuts"},"schema":{"@context":"https:\/\/schema.org","@graph":[{"@type":"WebPage","@id":"https:\/\/www.brainvt.com\/ca\/politica-de-privacitat\/","url":"https:\/\/www.brainvt.com\/ca\/politica-de-privacitat\/","name":"Pol\u00edtica de privacitat - BrainVT","isPartOf":{"@id":"https:\/\/www.brainvt.com\/ca\/#website"},"datePublished":"2020-09-17T18:31:25+00:00","breadcrumb":{"@id":"https:\/\/www.brainvt.com\/ca\/politica-de-privacitat\/#breadcrumb"},"inLanguage":"ca","potentialAction":[{"@type":"ReadAction","target":["https:\/\/www.brainvt.com\/ca\/politica-de-privacitat\/"]}]},{"@type":"BreadcrumbList","@id":"https:\/\/www.brainvt.com\/ca\/politica-de-privacitat\/#breadcrumb","itemListElement":[{"@type":"ListItem","position":1,"name":"Home","item":"https:\/\/www.brainvt.com\/ca\/"},{"@type":"ListItem","position":2,"name":"Pol\u00edtica de privacitat"}]},{"@type":"WebSite","@id":"https:\/\/www.brainvt.com\/ca\/#website","url":"https:\/\/www.brainvt.com\/ca\/","name":"BrainVT","description":"Health Apps","publisher":{"@id":"https:\/\/www.brainvt.com\/ca\/#organization"},"potentialAction":[{"@type":"SearchAction","target":{"@type":"EntryPoint","urlTemplate":"https:\/\/www.brainvt.com\/ca\/?s={search_term_string}"},"query-input":{"@type":"PropertyValueSpecification","valueRequired":true,"valueName":"search_term_string"}}],"inLanguage":"ca"},{"@type":"Organization","@id":"https:\/\/www.brainvt.com\/ca\/#organization","name":"BrainVT","url":"https:\/\/www.brainvt.com\/ca\/","logo":{"@type":"ImageObject","inLanguage":"ca","@id":"https:\/\/www.brainvt.com\/ca\/#\/schema\/logo\/image\/","url":"https:\/\/www.brainvt.com\/wp-content\/uploads\/2020\/08\/brainvt-main-logo.svg","contentUrl":"https:\/\/www.brainvt.com\/wp-content\/uploads\/2020\/08\/brainvt-main-logo.svg","width":1,"height":1,"caption":"BrainVT"},"image":{"@id":"https:\/\/www.brainvt.com\/ca\/#\/schema\/logo\/image\/"}}]}},"_links":{"self":[{"href":"https:\/\/www.brainvt.com\/ca\/wp-json\/wp\/v2\/pages\/1596","targetHints":{"allow":["GET"]}}],"collection":[{"href":"https:\/\/www.brainvt.com\/ca\/wp-json\/wp\/v2\/pages"}],"about":[{"href":"https:\/\/www.brainvt.com\/ca\/wp-json\/wp\/v2\/types\/page"}],"author":[{"embeddable":true,"href":"https:\/\/www.brainvt.com\/ca\/wp-json\/wp\/v2\/users\/1"}],"replies":[{"embeddable":true,"href":"https:\/\/www.brainvt.com\/ca\/wp-json\/wp\/v2\/comments?post=1596"}],"version-history":[{"count":2,"href":"https:\/\/www.brainvt.com\/ca\/wp-json\/wp\/v2\/pages\/1596\/revisions"}],"predecessor-version":[{"id":1598,"href":"https:\/\/www.brainvt.com\/ca\/wp-json\/wp\/v2\/pages\/1596\/revisions\/1598"}],"wp:attachment":[{"href":"https:\/\/www.brainvt.com\/ca\/wp-json\/wp\/v2\/media?parent=1596"}],"curies":[{"name":"wp","href":"https:\/\/api.w.org\/{rel}","templated":true}]}}